{"id":36421,"date":"2022-06-28T11:30:19","date_gmt":"2022-06-28T14:30:19","guid":{"rendered":"https:\/\/www.obispado-mdp.org.ar\/a\/?page_id=36421"},"modified":"2025-08-28T22:39:05","modified_gmt":"2025-08-29T01:39:05","slug":"boletines-historicos","status":"publish","type":"page","link":"https:\/\/www.obispado-mdp.org.ar\/a\/boletines-historicos\/","title":{"rendered":"Archivo: Bolet\u00edn Diocesano"},"content":{"rendered":"<p>[et_pb_section fb_built=\u00bb1&#8243; _builder_version=\u00bb4.4.8&#8243; background_image=\u00bbhttps:\/\/www.obispado-mdp.org.ar\/a\/wp-content\/uploads\/2021\/10\/catedral2.jpg\u00bb][et_pb_row _builder_version=\u00bb4.4.8&#8243;][et_pb_column type=\u00bb4_4&#8243; _builder_version=\u00bb4.4.8&#8243;][dsm_gradient_text gradient_text=\u00bbArchivo: Bolet\u00edn Diocesano\u00bb _builder_version=\u00bb4.4.8&#8243; header_text_align=\u00bbcenter\u00bb background_color_gradient_start=\u00bb#ffffff\u00bb][\/dsm_gradient_text][\/et_pb_column][\/et_pb_row][\/et_pb_section][et_pb_section fb_built=\u00bb1&#8243; _builder_version=\u00bb4.4.8&#8243;][et_pb_row _builder_version=\u00bb4.4.8&#8243;][et_pb_column type=\u00bb4_4&#8243; _builder_version=\u00bb4.4.8&#8243;][et_pb_text _builder_version=\u00bb4.4.8&#8243; text_font_size=\u00bb18px\u00bb text_line_height=\u00bb2.1em\u00bb]<\/p>\n<p><strong><\/strong>Encuentre aqu\u00ed todos los boletines de la Di\u00f3cesis de Mar del Plata desde su creaci\u00f3n en 1957.<\/p>\n<p><!-- divi:paragraph {\"customFontSize\":18} --><\/p>\n<p>[\/et_pb_text][\/et_pb_column][\/et_pb_row][et_pb_row column_structure=\u00bb1_3,1_3,1_3&#8243; _builder_version=\u00bb4.4.8&#8243;][et_pb_column type=\u00bb1_3&#8243; _builder_version=\u00bb4.4.8&#8243; background_color=\u00bb#efe6dc\u00bb custom_padding=\u00bb20px|5px|20px|5px|true|true\u00bb][et_pb_image src=\u00bbhttps:\/\/www.obispado-mdp.org.ar\/a\/wp-content\/uploads\/2022\/06\/RAU3.png\u00bb alt=\u00bbMonse\u00f1or Rau\u00bb title_text=\u00bbRAU3&#8243; align=\u00bbcenter\u00bb _builder_version=\u00bb4.4.8&#8243;][\/et_pb_image][et_pb_text _builder_version=\u00bb4.4.8&#8243; custom_margin=\u00bb||11px||false|false\u00bb custom_padding=\u00bb||0px||false|false\u00bb]<\/p>\n<p style=\"text-align: center;\">Per\u00edodo episcopal de<br \/> <strong>Mons. Enrique Rau <\/strong><\/p>\n<p style=\"text-align: center;\"><strong>(1957-1971)<\/strong><\/p>\n<p>[\/et_pb_text][et_pb_button button_url=\u00bb@ET-DC@eyJkeW5hbWljIjp0cnVlLCJjb250ZW50IjoicG9zdF9saW5rX3VybF9wYWdlIiwic2V0dGluZ3MiOnsicG9zdF9pZCI6IjM2NDM5In19@\u00bb button_text=\u00bbVER BOLETINES\u00bb button_alignment=\u00bbcenter\u00bb _builder_version=\u00bb4.4.8&#8243; _dynamic_attributes=\u00bbbutton_url\u00bb custom_button=\u00bbon\u00bb button_text_size=\u00bb15px\u00bb button_text_color=\u00bb#ffffff\u00bb button_bg_color=\u00bb#474747&#8243;][\/et_pb_button][\/et_pb_column][et_pb_column type=\u00bb1_3&#8243; _builder_version=\u00bb4.4.8&#8243; background_color=\u00bb#efe6dc\u00bb custom_padding=\u00bb20px|5px|20px|5px|true|true\u00bb][et_pb_image src=\u00bbhttps:\/\/www.obispado-mdp.org.ar\/a\/wp-content\/uploads\/2022\/06\/PIRONIO3.png\u00bb alt=\u00bbMonse\u00f1or Rau\u00bb title_text=\u00bbPIRONIO3&#8243; align=\u00bbcenter\u00bb _builder_version=\u00bb4.4.8&#8243; custom_margin=\u00bb||28px|||\u00bb][\/et_pb_image][et_pb_text _builder_version=\u00bb4.4.8&#8243;]<\/p>\n<p style=\"text-align: center;\">Per\u00edodo episcopal de <br \/><strong>Mons. Eduardo F. Pironio <\/strong><\/p>\n<p style=\"text-align: center;\"><strong>(1971-1975)<\/strong><\/p>\n<p>[\/et_pb_text][et_pb_button button_url=\u00bb@ET-DC@eyJkeW5hbWljIjp0cnVlLCJjb250ZW50IjoicG9zdF9saW5rX3VybF9wYWdlIiwic2V0dGluZ3MiOnsicG9zdF9pZCI6IjQwMjEyIn19@\u00bb button_text=\u00bbVER BOLETINES\u00bb button_alignment=\u00bbcenter\u00bb _builder_version=\u00bb4.4.8&#8243; _dynamic_attributes=\u00bbbutton_url\u00bb custom_button=\u00bbon\u00bb button_text_size=\u00bb15px\u00bb button_text_color=\u00bb#ffffff\u00bb button_bg_color=\u00bb#474747&#8243;][\/et_pb_button][\/et_pb_column][et_pb_column type=\u00bb1_3&#8243; _builder_version=\u00bb4.4.8&#8243; background_color=\u00bb#efe6dc\u00bb custom_padding=\u00bb20px|5px|20px|5px|true|true\u00bb][et_pb_image src=\u00bbhttps:\/\/www.obispado-mdp.org.ar\/a\/wp-content\/uploads\/2022\/07\/20220709-romulo_23.png\u00bb alt=\u00bbMonse\u00f1or Rau\u00bb title_text=\u00bb20220709-romulo_23&#8243; align=\u00bbcenter\u00bb _builder_version=\u00bb4.4.8&#8243;][\/et_pb_image][et_pb_text _builder_version=\u00bb4.4.8&#8243;]<\/p>\n<p style=\"text-align: center;\">Per\u00edodo episcopal de<br \/><strong>Mons. R\u00f3mulo Garc\u00eda <\/strong><\/p>\n<p style=\"text-align: center;\"><strong>(1976-1991)<\/strong><\/p>\n<p>[\/et_pb_text][\/et_pb_column][\/et_pb_row][et_pb_row column_structure=\u00bb1_3,1_3,1_3&#8243; _builder_version=\u00bb4.4.8&#8243;][et_pb_column type=\u00bb1_3&#8243; _builder_version=\u00bb4.4.8&#8243; background_color=\u00bb#efe6dc\u00bb custom_padding=\u00bb20px|5px|20px|5px|true|true\u00bb][et_pb_image src=\u00bbhttps:\/\/www.obispado-mdp.org.ar\/a\/wp-content\/uploads\/2022\/06\/arancedo3.png\u00bb alt=\u00bbMonse\u00f1or Rau\u00bb title_text=\u00bbarancedo3&#8243; align=\u00bbcenter\u00bb _builder_version=\u00bb4.4.8&#8243; hover_enabled=\u00bb0&#8243;][\/et_pb_image][et_pb_text _builder_version=\u00bb4.4.8&#8243;]<\/p>\n<p style=\"text-align: center;\">Per\u00edodo episcopal de<br \/><strong>Mons. Jos\u00e9 Mar\u00eda Arancedo <\/strong><\/p>\n<p style=\"text-align: center;\"><strong>(1991-2003)<\/strong><\/p>\n<p>[\/et_pb_text][\/et_pb_column][et_pb_column type=\u00bb1_3&#8243; _builder_version=\u00bb4.4.8&#8243; background_color=\u00bb#efe6dc\u00bb custom_padding=\u00bb20px|5px|20px|5px|true|true\u00bb][et_pb_image src=\u00bbhttps:\/\/www.obispado-mdp.org.ar\/a\/wp-content\/uploads\/2022\/06\/puiggari3.png\u00bb alt=\u00bbMonse\u00f1or Rau\u00bb title_text=\u00bbpuiggari3&#8243; align=\u00bbcenter\u00bb _builder_version=\u00bb4.4.8&#8243;][\/et_pb_image][et_pb_text _builder_version=\u00bb4.4.8&#8243;]<\/p>\n<p style=\"text-align: center;\">Per\u00edodo episcopal de<br \/> <strong>Mons. Juan Alberto Pu\u00edggari <\/strong><\/p>\n<p style=\"text-align: center;\"><strong>(2003-2010)<\/strong><\/p>\n<p>[\/et_pb_text][\/et_pb_column][et_pb_column type=\u00bb1_3&#8243; _builder_version=\u00bb4.4.8&#8243; background_color=\u00bb#efe6dc\u00bb custom_padding=\u00bb20px|5px|20px|5px|true|true\u00bb][et_pb_image src=\u00bbhttps:\/\/www.obispado-mdp.org.ar\/a\/wp-content\/uploads\/2022\/06\/marino3.png\u00bb alt=\u00bbMonse\u00f1or Rau\u00bb title_text=\u00bbmarino3&#8243; align=\u00bbcenter\u00bb _builder_version=\u00bb4.4.8&#8243;][\/et_pb_image][et_pb_text _builder_version=\u00bb4.4.8&#8243;]<\/p>\n<p style=\"text-align: center;\">Per\u00edodo episcopal de<br \/><strong>Mons. Antonio Marino <\/strong><\/p>\n<p style=\"text-align: center;\"><strong>(2011-2017)<\/strong><\/p>\n<p>[\/et_pb_text][\/et_pb_column][\/et_pb_row][et_pb_row column_structure=\u00bb1_3,1_3,1_3&#8243; _builder_version=\u00bb4.4.8&#8243; hover_enabled=\u00bb0&#8243;][et_pb_column type=\u00bb1_3&#8243; _builder_version=\u00bb4.4.8&#8243; background_color=\u00bb#efe6dc\u00bb custom_padding=\u00bb20px|5px|20px|5px|true|true\u00bb][et_pb_image src=\u00bbhttps:\/\/www.obispado-mdp.org.ar\/a\/wp-content\/uploads\/2025\/08\/Recurso-2-8.png\u00bb alt=\u00bbMestre\u00bb title_text=\u00bbRecurso 2-8&#8243; align=\u00bbcenter\u00bb _builder_version=\u00bb4.4.8&#8243; hover_enabled=\u00bb0&#8243;][\/et_pb_image][et_pb_text _builder_version=\u00bb4.4.8&#8243;]<\/p>\n<p style=\"text-align: center;\">Per\u00edodo episcopal de<br \/><strong>Mons. Gabriel Mestre<\/strong><\/p>\n<p style=\"text-align: center;\"><strong>(2017-2023)<\/strong><\/p>\n<p>[\/et_pb_text][\/et_pb_column][et_pb_column type=\u00bb1_3&#8243; _builder_version=\u00bb4.4.8&#8243; background_color=\u00bbrgba(0,0,0,0)\u00bb custom_padding=\u00bb20px|5px|20px|5px|true|true\u00bb hover_enabled=\u00bb0&#8243;][\/et_pb_column][et_pb_column type=\u00bb1_3&#8243; _builder_version=\u00bb4.4.8&#8243; background_color=\u00bbrgba(0,0,0,0)\u00bb custom_padding=\u00bb20px|5px|20px|5px|true|true\u00bb hover_enabled=\u00bb0&#8243;][\/et_pb_column][\/et_pb_row][\/et_pb_section]<\/p>\n","protected":false},"excerpt":{"rendered":"<p>Encuentre aqu\u00ed todos los boletines de los obispos de la di\u00f3cesis desde 1957 hasta la fecha<\/p>\n","protected":false},"author":4,"featured_media":33694,"parent":0,"menu_order":0,"comment_status":"closed","ping_status":"closed","template":"","meta":{"_et_pb_use_builder":"on","_et_pb_old_content":"<!-- wp:paragraph {\"customFontSize\":18} -->\n<p style=\"font-size:18px\"><strong>Con un resumen cuatrimestral de la informaci\u00f3n mas importante de la di\u00f3cesis, Todos los acontecimientos y noticias, mensajes y homil\u00edas del padre Obispo Gabriel Mestre, noticias del S\u00ednodo Diocesano y todos los decretos y disposiciones.<\/strong><\/p>\n<!-- \/wp:paragraph -->\n\n<!-- wp:file {\"id\":33649,\"href\":\"https:\/\/www.obispado-mdp.org.ar\/a\/wp-content\/uploads\/2021\/10\/NBD12-May-Ago-2021.pdf\"} -->\n<div class=\"wp-block-file\"><a href=\"https:\/\/www.obispado-mdp.org.ar\/a\/wp-content\/uploads\/2021\/10\/NBD12-May-Ago-2021.pdf\"> <strong>Nuevo Bolet\u00edn Diocesano N\u00b0<\/strong> <strong>12<\/strong> | May-Ago 2021<\/a><a href=\"https:\/\/www.obispado-mdp.org.ar\/a\/wp-content\/uploads\/2021\/10\/NBD12-May-Ago-2021.pdf\" class=\"wp-block-file__button\" download>Descarga<\/a><\/div>\n<!-- \/wp:file -->\n\n<!-- wp:separator {\"color\":\"very-light-gray\"} -->\n<hr class=\"wp-block-separator has-text-color has-background has-very-light-gray-background-color has-very-light-gray-color\"\/>\n<!-- \/wp:separator -->\n\n<!-- wp:file {\"id\":33648,\"href\":\"https:\/\/www.obispado-mdp.org.ar\/a\/wp-content\/uploads\/2021\/10\/NBD11-Ene-Abril-2021.pdf\"} -->\n<div class=\"wp-block-file\"><a href=\"https:\/\/www.obispado-mdp.org.ar\/a\/wp-content\/uploads\/2021\/10\/NBD11-Ene-Abril-2021.pdf\"> <strong>Nuevo Bolet\u00edn Diocesano N\u00b0<\/strong> <strong>11<\/strong> | Ene-Abril 2021<\/a><a href=\"https:\/\/www.obispado-mdp.org.ar\/a\/wp-content\/uploads\/2021\/10\/NBD11-Ene-Abril-2021.pdf\" class=\"wp-block-file__button\" download>Descarga<\/a><\/div>\n<!-- \/wp:file -->\n\n<!-- wp:separator {\"color\":\"very-light-gray\",\"className\":\"is-style-default\"} -->\n<hr class=\"wp-block-separator has-text-color has-background has-very-light-gray-background-color has-very-light-gray-color is-style-default\"\/>\n<!-- \/wp:separator -->\n\n<!-- wp:file {\"id\":33647,\"href\":\"https:\/\/www.obispado-mdp.org.ar\/a\/wp-content\/uploads\/2021\/10\/NBD10-Sept-Dic-2020.pdf\"} -->\n<div class=\"wp-block-file\"><a href=\"https:\/\/www.obispado-mdp.org.ar\/a\/wp-content\/uploads\/2021\/10\/NBD10-Sept-Dic-2020.pdf\"><strong>Nuevo Bolet\u00edn Diocesano N\u00b0<\/strong> <strong>10<\/strong> | Sept-Dic 2020<\/a><a href=\"https:\/\/www.obispado-mdp.org.ar\/a\/wp-content\/uploads\/2021\/10\/NBD10-Sept-Dic-2020.pdf\" class=\"wp-block-file__button\" download>Descarga<\/a><\/div>\n<!-- \/wp:file -->\n\n<!-- wp:separator {\"color\":\"very-light-gray\",\"className\":\"is-style-default\"} -->\n<hr class=\"wp-block-separator has-text-color has-background has-very-light-gray-background-color has-very-light-gray-color is-style-default\"\/>\n<!-- \/wp:separator -->\n\n<!-- wp:file {\"id\":33646,\"href\":\"https:\/\/www.obispado-mdp.org.ar\/a\/wp-content\/uploads\/2021\/10\/NBD9-May-Ago-2020.pdf\"} -->\n<div class=\"wp-block-file\"><a href=\"https:\/\/www.obispado-mdp.org.ar\/a\/wp-content\/uploads\/2021\/10\/NBD9-May-Ago-2020.pdf\"> <strong>Nuevo Bolet\u00edn Diocesano N\u00b0<\/strong> <strong>9 <\/strong>| May-Ago 2020<\/a><a href=\"https:\/\/www.obispado-mdp.org.ar\/a\/wp-content\/uploads\/2021\/10\/NBD9-May-Ago-2020.pdf\" class=\"wp-block-file__button\" download>Descarga<\/a><\/div>\n<!-- \/wp:file -->\n\n<!-- wp:separator {\"color\":\"very-light-gray\",\"className\":\"is-style-default\"} -->\n<hr class=\"wp-block-separator has-text-color has-background has-very-light-gray-background-color has-very-light-gray-color is-style-default\"\/>\n<!-- \/wp:separator -->\n\n<!-- wp:file {\"id\":33645,\"href\":\"https:\/\/www.obispado-mdp.org.ar\/a\/wp-content\/uploads\/2021\/10\/NBD8-Ene-Abril-2020.pdf\"} -->\n<div class=\"wp-block-file\"><a href=\"https:\/\/www.obispado-mdp.org.ar\/a\/wp-content\/uploads\/2021\/10\/NBD8-Ene-Abril-2020.pdf\"> <strong>Nuevo Bolet\u00edn Diocesano N\u00b0<\/strong> <strong>8<\/strong> | Ene-Abril 2020<\/a><a href=\"https:\/\/www.obispado-mdp.org.ar\/a\/wp-content\/uploads\/2021\/10\/NBD8-Ene-Abril-2020.pdf\" class=\"wp-block-file__button\" download>Descarga<\/a><\/div>\n<!-- \/wp:file -->\n\n<!-- wp:separator {\"color\":\"very-light-gray\"} -->\n<hr class=\"wp-block-separator has-text-color has-background has-very-light-gray-background-color has-very-light-gray-color\"\/>\n<!-- \/wp:separator -->\n\n<!-- wp:file {\"id\":33644,\"href\":\"https:\/\/www.obispado-mdp.org.ar\/a\/wp-content\/uploads\/2021\/10\/NBD7-Sept-Dic-2019.pdf\"} -->\n<div class=\"wp-block-file\"><a href=\"https:\/\/www.obispado-mdp.org.ar\/a\/wp-content\/uploads\/2021\/10\/NBD7-Sept-Dic-2019.pdf\"><strong> Nuevo Bolet\u00edn Diocesano N\u00b0<\/strong> <strong>7<\/strong>|  Sept-Dic 2019<\/a><a href=\"https:\/\/www.obispado-mdp.org.ar\/a\/wp-content\/uploads\/2021\/10\/NBD7-Sept-Dic-2019.pdf\" class=\"wp-block-file__button\" download>Descarga<\/a><\/div>\n<!-- \/wp:file -->\n\n<!-- wp:separator {\"color\":\"very-light-gray\"} -->\n<hr class=\"wp-block-separator has-text-color has-background has-very-light-gray-background-color has-very-light-gray-color\"\/>\n<!-- \/wp:separator -->\n\n<!-- wp:file {\"id\":33643,\"href\":\"https:\/\/www.obispado-mdp.org.ar\/a\/wp-content\/uploads\/2021\/10\/NBD-6-May-Ago-2019.pdf\"} -->\n<div class=\"wp-block-file\"><a href=\"https:\/\/www.obispado-mdp.org.ar\/a\/wp-content\/uploads\/2021\/10\/NBD-6-May-Ago-2019.pdf\"> <strong>Nuevo Bolet\u00edn Diocesano N\u00b0<\/strong> <strong>6<\/strong>|  May-Ago 2019<\/a><a href=\"https:\/\/www.obispado-mdp.org.ar\/a\/wp-content\/uploads\/2021\/10\/NBD-6-May-Ago-2019.pdf\" class=\"wp-block-file__button\" download>Descarga<\/a><\/div>\n<!-- \/wp:file -->\n\n<!-- wp:separator {\"color\":\"very-light-gray\"} -->\n<hr class=\"wp-block-separator has-text-color has-background has-very-light-gray-background-color has-very-light-gray-color\"\/>\n<!-- \/wp:separator -->\n\n<!-- wp:file {\"id\":33642,\"href\":\"https:\/\/www.obispado-mdp.org.ar\/a\/wp-content\/uploads\/2021\/10\/NBD-5-Ene-Abril-2019.pdf\"} -->\n<div class=\"wp-block-file\"><a href=\"https:\/\/www.obispado-mdp.org.ar\/a\/wp-content\/uploads\/2021\/10\/NBD-5-Ene-Abril-2019.pdf\"><strong>Nuevo Bolet\u00edn Diocesano N\u00b0 5<\/strong> | Ene-Abril 2019<\/a><a href=\"https:\/\/www.obispado-mdp.org.ar\/a\/wp-content\/uploads\/2021\/10\/NBD-5-Ene-Abril-2019.pdf\" class=\"wp-block-file__button\" download>Descarga<\/a><\/div>\n<!-- \/wp:file -->\n\n<!-- wp:separator {\"color\":\"very-light-gray\"} -->\n<hr class=\"wp-block-separator has-text-color has-background has-very-light-gray-background-color has-very-light-gray-color\"\/>\n<!-- \/wp:separator -->\n\n<!-- wp:file {\"id\":33641,\"href\":\"https:\/\/www.obispado-mdp.org.ar\/a\/wp-content\/uploads\/2021\/10\/NBD-4-Sep-Dic-2018.pdf\"} -->\n<div class=\"wp-block-file\"><a href=\"https:\/\/www.obispado-mdp.org.ar\/a\/wp-content\/uploads\/2021\/10\/NBD-4-Sep-Dic-2018.pdf\"> <strong>Nuevo Bolet\u00edn Diocesano N\u00b0<\/strong> <strong>4 <\/strong>| Sep-Dic 2018<\/a><a href=\"https:\/\/www.obispado-mdp.org.ar\/a\/wp-content\/uploads\/2021\/10\/NBD-4-Sep-Dic-2018.pdf\" class=\"wp-block-file__button\" download>Descarga<\/a><\/div>\n<!-- \/wp:file -->\n\n<!-- wp:separator {\"color\":\"very-light-gray\"} -->\n<hr class=\"wp-block-separator has-text-color has-background has-very-light-gray-background-color has-very-light-gray-color\"\/>\n<!-- \/wp:separator -->\n\n<!-- wp:file {\"id\":33640,\"href\":\"https:\/\/www.obispado-mdp.org.ar\/a\/wp-content\/uploads\/2021\/10\/NBD-3-Abr-Ago-2018.pdf\"} -->\n<div class=\"wp-block-file\"><a href=\"https:\/\/www.obispado-mdp.org.ar\/a\/wp-content\/uploads\/2021\/10\/NBD-3-Abr-Ago-2018.pdf\"> <strong>Nuevo Bolet\u00edn Diocesano N\u00b0<\/strong> <strong>3 <\/strong>| Abr-Ago 2018<\/a><a href=\"https:\/\/www.obispado-mdp.org.ar\/a\/wp-content\/uploads\/2021\/10\/NBD-3-Abr-Ago-2018.pdf\" class=\"wp-block-file__button\" download>Descarga<\/a><\/div>\n<!-- \/wp:file -->\n\n<!-- wp:separator {\"color\":\"very-light-gray\"} -->\n<hr class=\"wp-block-separator has-text-color has-background has-very-light-gray-background-color has-very-light-gray-color\"\/>\n<!-- \/wp:separator -->\n\n<!-- wp:file {\"id\":33639,\"href\":\"https:\/\/www.obispado-mdp.org.ar\/a\/wp-content\/uploads\/2021\/10\/NBD-2-Nov-Mzo-2018.pdf\"} -->\n<div class=\"wp-block-file\"><a href=\"https:\/\/www.obispado-mdp.org.ar\/a\/wp-content\/uploads\/2021\/10\/NBD-2-Nov-Mzo-2018.pdf\"><strong>Nuevo Bolet\u00edn Diocesano N\u00b0<\/strong> <strong>2<\/strong> | Nov-Mzo 2018<\/a><a href=\"https:\/\/www.obispado-mdp.org.ar\/a\/wp-content\/uploads\/2021\/10\/NBD-2-Nov-Mzo-2018.pdf\" class=\"wp-block-file__button\" download>Descarga<\/a><\/div>\n<!-- \/wp:file -->\n\n<!-- wp:separator {\"color\":\"very-light-gray\"} -->\n<hr class=\"wp-block-separator has-text-color has-background has-very-light-gray-background-color has-very-light-gray-color\"\/>\n<!-- \/wp:separator -->\n\n<!-- wp:file {\"id\":33638,\"href\":\"https:\/\/www.obispado-mdp.org.ar\/a\/wp-content\/uploads\/2021\/10\/NBD-1-Jul-Oct-2017.pdf\"} -->\n<div class=\"wp-block-file\"><a href=\"https:\/\/www.obispado-mdp.org.ar\/a\/wp-content\/uploads\/2021\/10\/NBD-1-Jul-Oct-2017.pdf\"><strong>Nuevo Bolet\u00edn Diocesano N\u00b0<\/strong> <strong>1 <\/strong>| Jul-Oct 2017<\/a><a href=\"https:\/\/www.obispado-mdp.org.ar\/a\/wp-content\/uploads\/2021\/10\/NBD-1-Jul-Oct-2017.pdf\" class=\"wp-block-file__button\" download>Descarga<\/a><\/div>\n<!-- \/wp:file -->\n\n<!-- wp:separator {\"color\":\"very-light-gray\"} -->\n<hr class=\"wp-block-separator has-text-color has-background has-very-light-gray-background-color has-very-light-gray-color\"\/>\n<!-- \/wp:separator -->\n\n<!-- wp:spacer {\"height\":59} -->\n<div style=\"height:59px\" aria-hidden=\"true\" class=\"wp-block-spacer\"><\/div>\n<!-- \/wp:spacer -->\n\n<!-- wp:paragraph -->\n<p><\/p>\n<!-- \/wp:paragraph -->","_et_gb_content_width":""},"aioseo_notices":[],"_links":{"self":[{"href":"https:\/\/www.obispado-mdp.org.ar\/a\/wp-json\/wp\/v2\/pages\/36421"}],"collection":[{"href":"https:\/\/www.obispado-mdp.org.ar\/a\/wp-json\/wp\/v2\/pages"}],"about":[{"href":"https:\/\/www.obispado-mdp.org.ar\/a\/wp-json\/wp\/v2\/types\/page"}],"author":[{"embeddable":true,"href":"https:\/\/www.obispado-mdp.org.ar\/a\/wp-json\/wp\/v2\/users\/4"}],"replies":[{"embeddable":true,"href":"https:\/\/www.obispado-mdp.org.ar\/a\/wp-json\/wp\/v2\/comments?post=36421"}],"version-history":[{"count":19,"href":"https:\/\/www.obispado-mdp.org.ar\/a\/wp-json\/wp\/v2\/pages\/36421\/revisions"}],"predecessor-version":[{"id":47306,"href":"https:\/\/www.obispado-mdp.org.ar\/a\/wp-json\/wp\/v2\/pages\/36421\/revisions\/47306"}],"wp:featuredmedia":[{"embeddable":true,"href":"https:\/\/www.obispado-mdp.org.ar\/a\/wp-json\/wp\/v2\/media\/33694"}],"wp:attachment":[{"href":"https:\/\/www.obispado-mdp.org.ar\/a\/wp-json\/wp\/v2\/media?parent=36421"}],"curies":[{"name":"wp","href":"https:\/\/api.w.org\/{rel}","templated":true}]}}