{"id":48645,"date":"2026-01-26T17:50:00","date_gmt":"2026-01-26T20:50:00","guid":{"rendered":"https:\/\/www.obispado-mdp.org.ar\/a\/?page_id=48645"},"modified":"2026-02-05T18:00:10","modified_gmt":"2026-02-05T21:00:10","slug":"misa-en-la-casa-de-ejercicios-santo-cura-brochero","status":"publish","type":"page","link":"https:\/\/www.obispado-mdp.org.ar\/a\/misa-en-la-casa-de-ejercicios-santo-cura-brochero\/","title":{"rendered":"Misa en la Casa de Ejercicios Santo Cura Brochero\u00a0 \u00a0"},"content":{"rendered":"\n<p>El lunes 26 de enero, se realiz\u00f3 en la Casa de Encuentros Santo Cura Brochero, de avenida Col\u00f3n al 10.100, una reuni\u00f3n en la que participaron quienes ser\u00e1n rectores y rectoras de los encuentros de evangelizaci\u00f3n que se llevar\u00e1n a cabo durante este a\u00f1o. El padre Fabi\u00e1n Yanes, asesor de los encuentros, acompa\u00f1\u00f3 la jornada y anim\u00f3 a todos a seguir el ejemplo del cura Brochero para llevar el Evangelio a todos, recordando algunos aspectos de la vida del santo, al celebrarse ese mismo d\u00eda el 112 aniversario de su partida a la Patria celestial.<\/p>\n\n\n\n<p>Al finalizar el encuentro, el obispo diocesano, monse\u00f1or Ernesto Giobando sj. presidi\u00f3 la Santa Misa, concelebrada por algunos de los sacerdotes que habitualmente acompa\u00f1an los distintos encuentros durante el a\u00f1o. En su homil\u00eda, el Obispo destac\u00f3 la impronta misionera del Santo Cura Brochero y anim\u00f3 a los presentes a seguir ese ejemplo creciendo en la comuni\u00f3n, la participaci\u00f3n y la misi\u00f3n, preparando as\u00ed la pr\u00f3xima Asamblea Diocesana.&nbsp;<\/p>\n\n\n\n<p>Tambi\u00e9n ley\u00f3 el texto de la \u00faltima carta escrita por el Santo Cura Brochero, que refleja el testimonio de una vida pobre y entregada, incluso en medio de serias limitaciones f\u00edsicas.&nbsp;<\/p>\n\n\n\n<p>Tambi\u00e9n se hizo un reconocimiento a las personas que viajaron a la di\u00f3cesis de Quilmes para participar en un Encuentro y, a partir de eso, comenzar con esta experiencia en nuestra di\u00f3cesis en el a\u00f1o 1993.&nbsp;<\/p>\n\n\n\n<p>Al finalizar la celebraci\u00f3n, fueron presentados las rectoras y rectores de los Encuentros de este a\u00f1o, pidiendo la bendici\u00f3n de Dios sobre la misi\u00f3n que se les confi\u00f3. Luego compartimos una cena en comunidad.<\/p>\n\n\n\n<figure class=\"wp-block-image size-large\"><img loading=\"lazy\" width=\"1024\" height=\"768\" src=\"https:\/\/www.obispado-mdp.org.ar\/a\/wp-content\/uploads\/2026\/02\/WhatsApp-Image-2026-01-28-at-11.08.51-AM-1024x768.jpeg\" alt=\"\" class=\"wp-image-48647\"\/><\/figure>\n\n\n\n<figure class=\"wp-block-image size-large\"><img loading=\"lazy\" width=\"1024\" height=\"768\" src=\"https:\/\/www.obispado-mdp.org.ar\/a\/wp-content\/uploads\/2026\/02\/WhatsApp-Image-2026-01-28-at-11.08.51-AM-1-1024x768.jpeg\" alt=\"\" class=\"wp-image-48646\"\/><\/figure>\n\n\n\n<figure class=\"wp-block-image size-large\"><img loading=\"lazy\" width=\"768\" height=\"1024\" src=\"https:\/\/www.obispado-mdp.org.ar\/a\/wp-content\/uploads\/2026\/02\/WhatsApp-Image-2026-01-28-at-11.08.50-AM-768x1024.jpeg\" alt=\"\" class=\"wp-image-48648\"\/><\/figure>\n","protected":false},"excerpt":{"rendered":"<p>El lunes 26 de enero, se realiz\u00f3 en la Casa de Encuentros Santo Cura Brochero, de avenida Col\u00f3n al 10.100, una reuni\u00f3n en la que participaron quienes ser\u00e1n rectores y rectoras de los encuentros de evangelizaci\u00f3n que se llevar\u00e1n a cabo durante este a\u00f1o. El padre Fabi\u00e1n Yanes, asesor de los encuentros, acompa\u00f1\u00f3 la jornada [&hellip;]<\/p>\n","protected":false},"author":4,"featured_media":0,"parent":0,"menu_order":0,"comment_status":"closed","ping_status":"closed","template":"","meta":{"_et_pb_use_builder":"","_et_pb_old_content":"","_et_gb_content_width":""},"aioseo_notices":[],"_links":{"self":[{"href":"https:\/\/www.obispado-mdp.org.ar\/a\/wp-json\/wp\/v2\/pages\/48645"}],"collection":[{"href":"https:\/\/www.obispado-mdp.org.ar\/a\/wp-json\/wp\/v2\/pages"}],"about":[{"href":"https:\/\/www.obispado-mdp.org.ar\/a\/wp-json\/wp\/v2\/types\/page"}],"author":[{"embeddable":true,"href":"https:\/\/www.obispado-mdp.org.ar\/a\/wp-json\/wp\/v2\/users\/4"}],"replies":[{"embeddable":true,"href":"https:\/\/www.obispado-mdp.org.ar\/a\/wp-json\/wp\/v2\/comments?post=48645"}],"version-history":[{"count":1,"href":"https:\/\/www.obispado-mdp.org.ar\/a\/wp-json\/wp\/v2\/pages\/48645\/revisions"}],"predecessor-version":[{"id":48649,"href":"https:\/\/www.obispado-mdp.org.ar\/a\/wp-json\/wp\/v2\/pages\/48645\/revisions\/48649"}],"wp:attachment":[{"href":"https:\/\/www.obispado-mdp.org.ar\/a\/wp-json\/wp\/v2\/media?parent=48645"}],"curies":[{"name":"wp","href":"https:\/\/api.w.org\/{rel}","templated":true}]}}