{"id":536,"date":"2020-02-20T20:33:50","date_gmt":"2020-02-20T23:33:50","guid":{"rendered":"http:\/\/www.obispado-mdp.org.ar\/a\/?page_id=536"},"modified":"2025-08-28T22:01:06","modified_gmt":"2025-08-29T01:01:06","slug":"caritas","status":"publish","type":"page","link":"https:\/\/www.obispado-mdp.org.ar\/a\/caridad\/caritas\/","title":{"rendered":"C\u00e1ritas"},"content":{"rendered":"<p>[et_pb_section fb_built=\u00bb1&#8243; inner_shadow=\u00bbon\u00bb _builder_version=\u00bb3.22&#8243; background_color=\u00bb#0196ae\u00bb background_image=\u00bbhttps:\/\/obispado-mdp.org.ar\/a\/wp-content\/uploads\/2020\/02\/hogar-de-cristo.jpg\u00bb mix_blend_mode=\u00bbmultiply\u00bb top_divider_flip=\u00bbvertical\u00bb bottom_divider_style=\u00bbcurve\u00bb bottom_divider_color=\u00bb#0196ae\u00bb bottom_divider_height=\u00bb11px\u00bb bottom_divider_arrangement=\u00bbabove_content\u00bb saved_tabs=\u00bball\u00bb][et_pb_row _builder_version=\u00bb3.25&#8243;][et_pb_column type=\u00bb4_4&#8243; _builder_version=\u00bb3.25&#8243; custom_padding=\u00bb|||\u00bb custom_padding__hover=\u00bb|||\u00bb][et_pb_text _builder_version=\u00bb3.27.4&#8243; header_font=\u00bb|600|||||||\u00bb header_text_color=\u00bb#ffffff\u00bb header_line_height=\u00bb0.9em\u00bb header_text_shadow_style=\u00bbpreset3&#8243;]<\/p>\n<h1 style=\"text-align: center;\">Caridad<\/h1>\n<p>[\/et_pb_text][\/et_pb_column][\/et_pb_row][\/et_pb_section][et_pb_section fb_built=\u00bb1&#8243; _builder_version=\u00bb3.22&#8243;][et_pb_row column_structure=\u00bb3_4,1_4&#8243; admin_label=\u00bbText\u00bb module_class=\u00bb et_pb_row_fullwidth\u00bb _builder_version=\u00bb3.25&#8243; width=\u00bb89%\u00bb width_tablet=\u00bb80%\u00bb width_phone=\u00bb\u00bb width_last_edited=\u00bbon|desktop\u00bb max_width=\u00bb89%\u00bb max_width_tablet=\u00bb80%\u00bb max_width_phone=\u00bb\u00bb max_width_last_edited=\u00bbon|desktop\u00bb custom_padding=\u00bb|||24px|false|false\u00bb border_color_bottom=\u00bb#0196ae\u00bb border_color_left=\u00bb#0196ae\u00bb make_fullwidth=\u00bbon\u00bb saved_tabs=\u00bball\u00bb][et_pb_column type=\u00bb3_4&#8243; _builder_version=\u00bb3.25&#8243; custom_padding=\u00bb|||\u00bb parallax__hover=\u00bboff\u00bb parallax_method__hover=\u00bbon\u00bb custom_padding__hover=\u00bb|||\u00bb][et_pb_text admin_label=\u00bbText\u00bb _builder_version=\u00bb3.27.4&#8243; header_font=\u00bb|700|||||||\u00bb header_text_color=\u00bb#0196ae\u00bb border_width_bottom=\u00bb1px\u00bb border_color_bottom=\u00bb#0196ae\u00bb]<\/p>\n<h1>C\u00e1ritas<\/h1>\n<p>[\/et_pb_text][et_pb_text _builder_version=\u00bb3.27.4&#8243; header_font=\u00bb||||||||\u00bb header_text_color=\u00bb#0196ae\u00bb header_2_font=\u00bb||||||||\u00bb header_2_text_color=\u00bb#0196ae\u00bb header_3_font=\u00bb||||||||\u00bb header_3_text_color=\u00bb#0196ae\u00bb]<\/p>\n<h3>NUESTRA MISI\u00d3N<\/h3>\n<p><img loading=\"lazy\" src=\"https:\/\/obispado-mdp.org.ar\/a\/wp-content\/uploads\/2020\/02\/23031691_2143859755640055_3646445160046963640_n-150x150.jpg\" alt=\"\" class=\"wp-image-511 alignleft size-thumbnail\" width=\"150\" height=\"150\" \/>Buscamos diariamente generar y promover conciencia solidaria invitando a toda la sociedad a encontrarse en la acci\u00f3n de compartir y as\u00ed construir una realidad m\u00e1s justa.<\/p>\n<p>La misi\u00f3n de C\u00e1ritas compromete a ser testimonio de una solidaridad concreta.<\/p>\n<p>En muchas ocasiones exige la denuncia de la dolorosa realidad del pueblo que reclama justicia y paz. Que tambi\u00e9n clama por los efectos de la exclusi\u00f3n, por la marginalidad y la violencia, sufre por la falta de trabajo y por las familias que no tienen posibilidades de alimentar a sus hijos y por tantos otros problemas que aquejan a nuestros hermanos m\u00e1s pobres.<\/p>\n<p>[\/et_pb_text][et_pb_text _builder_version=\u00bb4.4.8&#8243; header_font=\u00bb||||||||\u00bb header_3_font=\u00bb|700||||on|||\u00bb header_3_text_color=\u00bb#0196ae\u00bb hover_enabled=\u00bb0&#8243;]<\/p>\n<h3>DATOS DE CONTACTO<\/h3>\n<hr \/>\n<p style=\"text-align: left;\"><span class=\"dashicons dashicons-location\"><\/span>La Pampa 2235 \u2013 7600 \u2013 MAR DEL PLATA<\/p>\n<p style=\"text-align: left;\"><span class=\"dashicons dashicons-phone\"><\/span> 0223 475-6565<\/p>\n<p style=\"text-align: left;\"><span class=\"dashicons dashicons-email-alt\"><\/span> <a href=\"mailto:info@caritasmardelplata.org.ar\">info@caritasmardelplata.org.ar<\/a><\/p>\n<p style=\"text-align: left;\"><span class=\"dashicons dashicons-admin-site-alt3\"><\/span> <a href=\"http:\/\/www.caritasmardelplata.org.ar\">www.caritasmardelplata.org.ar<\/a><\/p>\n<p style=\"text-align: left;\"><span class=\"dashicons dashicons-facebook\"><\/span> <a href=\"https:\/\/www.facebook.com\/caritasmardelplata\/\" target=\"_blank\" rel=\"noopener noreferrer\">caritasmardelplata<\/a><\/p>\n<p style=\"text-align: left;\"><span class=\"dashicons dashicons-instagram\"><\/span> <a href=\"https:\/\/www.instagram.com\/caritasmdp\/\" target=\"_blank\" rel=\"noopener noreferrer\">caritasmardelplata<\/a><\/p>\n<p>[\/et_pb_text][et_pb_button button_url=\u00bbhttps:\/\/obispado-mdp.org.ar\/a\/caridad\/\u00bb button_text=\u00bbVolver\u00bb _builder_version=\u00bb3.18.9&#8243; custom_button=\u00bbon\u00bb button_font=\u00bb||||||||\u00bb button_icon=\u00bb%%27%%\u00bb button_icon_placement=\u00bbleft\u00bb button_on_hover=\u00bboff\u00bb global_module=\u00bb17858&#8243;][\/et_pb_button][\/et_pb_column][et_pb_column type=\u00bb1_4&#8243; _builder_version=\u00bb3.25&#8243; custom_padding=\u00bb|||\u00bb parallax__hover=\u00bboff\u00bb parallax_method__hover=\u00bbon\u00bb custom_padding__hover=\u00bb|||\u00bb][et_pb_text _builder_version=\u00bb3.27.4&#8243; text_font=\u00bb||||||||\u00bb header_font=\u00bb||||||||\u00bb header_text_color=\u00bb#0196ae\u00bb header_4_font=\u00bb||||||||\u00bb header_4_text_color=\u00bb#ffffff\u00bb background_color=\u00bb#0196ae\u00bb custom_margin=\u00bb0px|0px|0px|0px\u00bb custom_padding=\u00bb10px|10px|0px|20px\u00bb]<\/p>\n<h4><strong>CARIDAD<\/strong><\/h4>\n<p>[\/et_pb_text][dsm_menu title_bottom_gap=\u00bb8px\u00bb menu_id=\u00bb53&#8243; list_style_color=\u00bb#0196ae\u00bb _builder_version=\u00bb4.4.8&#8243; header_font=\u00bbGeorgia|700|||on|on||#0196ae|dotted\u00bb header_text_color=\u00bb#0196ae\u00bb background_color=\u00bbrgba(1,150,174,0.05)\u00bb custom_margin=\u00bb-10px|-10px|-10px|-10px\u00bb custom_padding=\u00bb20px|10px|10px|20px\u00bb custom_padding_last_edited=\u00bboff|desktop\u00bb][\/dsm_menu][\/et_pb_column][\/et_pb_row][\/et_pb_section]<\/p>\n","protected":false},"excerpt":{"rendered":"<p>Buscamos diariamente generar y promover conciencia solidaria invitando a toda la sociedad a encontrarse en la acci\u00f3n de compartir y as\u00ed construir una realidad m\u00e1s justa.<\/p>\n","protected":false},"author":1,"featured_media":0,"parent":546,"menu_order":1,"comment_status":"closed","ping_status":"closed","template":"","meta":{"_et_pb_use_builder":"on","_et_pb_old_content":"","_et_gb_content_width":""},"aioseo_notices":[],"_links":{"self":[{"href":"https:\/\/www.obispado-mdp.org.ar\/a\/wp-json\/wp\/v2\/pages\/536"}],"collection":[{"href":"https:\/\/www.obispado-mdp.org.ar\/a\/wp-json\/wp\/v2\/pages"}],"about":[{"href":"https:\/\/www.obispado-mdp.org.ar\/a\/wp-json\/wp\/v2\/types\/page"}],"author":[{"embeddable":true,"href":"https:\/\/www.obispado-mdp.org.ar\/a\/wp-json\/wp\/v2\/users\/1"}],"replies":[{"embeddable":true,"href":"https:\/\/www.obispado-mdp.org.ar\/a\/wp-json\/wp\/v2\/comments?post=536"}],"version-history":[{"count":3,"href":"https:\/\/www.obispado-mdp.org.ar\/a\/wp-json\/wp\/v2\/pages\/536\/revisions"}],"predecessor-version":[{"id":47233,"href":"https:\/\/www.obispado-mdp.org.ar\/a\/wp-json\/wp\/v2\/pages\/536\/revisions\/47233"}],"up":[{"embeddable":true,"href":"https:\/\/www.obispado-mdp.org.ar\/a\/wp-json\/wp\/v2\/pages\/546"}],"wp:attachment":[{"href":"https:\/\/www.obispado-mdp.org.ar\/a\/wp-json\/wp\/v2\/media?parent=536"}],"curies":[{"name":"wp","href":"https:\/\/api.w.org\/{rel}","templated":true}]}}